{"id":114,"date":"2019-10-01T16:41:21","date_gmt":"2019-10-01T14:41:21","guid":{"rendered":"https:\/\/www.seritium.es\/wordpress\/?page_id=114"},"modified":"2022-04-17T12:23:36","modified_gmt":"2022-04-17T10:23:36","slug":"reto-matematico-trimestral","status":"publish","type":"page","link":"https:\/\/www.seritium.es\/wordpress\/index.php\/reto-matematico-trimestral\/","title":{"rendered":"RETO MATEM\u00c1TICO TRIMESTRAL"},"content":{"rendered":"\n<div class=\"wp-block-image\"><figure class=\"alignright is-resized\"><img loading=\"lazy\" decoding=\"async\" src=\"https:\/\/www.seritium.es\/wordpress\/wp-content\/uploads\/2019\/10\/Imagen-perelman.jpg\" alt=\"\" class=\"wp-image-121\" width=\"324\" height=\"206\" srcset=\"https:\/\/www.seritium.es\/wordpress\/wp-content\/uploads\/2019\/10\/Imagen-perelman.jpg 600w, https:\/\/www.seritium.es\/wordpress\/wp-content\/uploads\/2019\/10\/Imagen-perelman-300x191.jpg 300w\" sizes=\"auto, (max-width: 324px) 100vw, 324px\" \/><\/figure><\/div>\n\n\n\n<p class=\"has-medium-font-size\">\u00bfSeras tu el pr\u00f3ximo genio matem\u00e1tico del siglo XXI? Acepta el desaf\u00edo.<\/p>\n\n\n\n<p class=\"has-medium-font-size\">Hola a todos! En esta p\u00e1gina encontrareis las propuestas para el reto matem\u00e1tico que desde el departamento presentaremos cada trimestre. Los problemas est\u00e1n organizados por nivel, uno para 1\u00ba y 2\u00ba de ESO, otro para 3\u00ba y 4\u00ba de ESO y finalmente uno mas para Bachillerato.<\/p>\n\n\n\n<div class=\"wp-block-image\"><figure class=\"alignleft is-resized\"><img loading=\"lazy\" decoding=\"async\" src=\"https:\/\/www.seritium.es\/wordpress\/wp-content\/uploads\/2019\/10\/un-genio-matemtico-en-espera-de-biografa.jpg\" alt=\"\" class=\"wp-image-115\" width=\"326\" height=\"244\" srcset=\"https:\/\/www.seritium.es\/wordpress\/wp-content\/uploads\/2019\/10\/un-genio-matemtico-en-espera-de-biografa.jpg 1023w, https:\/\/www.seritium.es\/wordpress\/wp-content\/uploads\/2019\/10\/un-genio-matemtico-en-espera-de-biografa-300x225.jpg 300w, https:\/\/www.seritium.es\/wordpress\/wp-content\/uploads\/2019\/10\/un-genio-matemtico-en-espera-de-biografa-768x577.jpg 768w\" sizes=\"auto, (max-width: 326px) 100vw, 326px\" \/><\/figure><\/div>\n\n\n\n<p class=\"has-medium-font-size\">No os desanim\u00e9is si no sab\u00e9is como hacer los problemas al principio, son dif\u00edciles y requerir\u00e1n, en la mayor\u00eda de los casos, que busqu\u00e9is informaci\u00f3n en Internet o por otros medios. <\/p>\n\n\n\n<p class=\"has-medium-font-size\">Deb\u00e9is entregar las respuestas a vuestro profesor de matem\u00e1ticas y ten\u00e9is de tiempo hasta una semana antes de la evaluaci\u00f3n. Hablar con vuestro profesor para ver las condiciones espec\u00edficas en vuestro curso.<\/p>\n\n\n\n<p class=\"has-medium-font-size\">Todas las respuestas han de incluir un razonamiento escrito para ser v\u00e1lidas y deb\u00e9is de ser capaces de explicar el problema correctamente a vuestro profesor.<\/p>\n\n\n\n<p class=\"has-medium-font-size\"><strong>Selecciona tu reto usando el enlace que aparece en la imagen<\/strong><\/p>\n\n\n\n<figure class=\"wp-block-gallery has-nested-images columns-default is-cropped alignwide wp-block-gallery-1 is-layout-flex wp-block-gallery-is-layout-flex\">\n<figure class=\"wp-block-image size-large\"><img loading=\"lazy\" decoding=\"async\" width=\"560\" height=\"428\" data-id=\"118\" src=\"https:\/\/www.seritium.es\/wordpress\/wp-content\/uploads\/2019\/10\/Final-Primer-cicloESO.jpg\" alt=\"\" class=\"wp-image-118\" srcset=\"https:\/\/www.seritium.es\/wordpress\/wp-content\/uploads\/2019\/10\/Final-Primer-cicloESO.jpg 560w, https:\/\/www.seritium.es\/wordpress\/wp-content\/uploads\/2019\/10\/Final-Primer-cicloESO-300x229.jpg 300w\" sizes=\"auto, (max-width: 560px) 100vw, 560px\" \/><figcaption><a href=\"https:\/\/www.seritium.es\/wordpress\/wp-content\/uploads\/2022\/04\/Reto-1o-y-2o-ESO.pdf\"><strong><mark style=\"background-color:rgba(0, 0, 0, 0)\" class=\"has-inline-color has-vivid-red-color\">ENLACE AL RETO<\/mark><\/strong><\/a><\/figcaption><\/figure>\n\n\n\n<figure class=\"wp-block-image size-large\"><img loading=\"lazy\" decoding=\"async\" width=\"530\" height=\"443\" data-id=\"131\" src=\"https:\/\/www.seritium.es\/wordpress\/wp-content\/uploads\/2019\/10\/Final-Segundo-ciclo-ESO-1.jpg\" alt=\"\" class=\"wp-image-131\" srcset=\"https:\/\/www.seritium.es\/wordpress\/wp-content\/uploads\/2019\/10\/Final-Segundo-ciclo-ESO-1.jpg 530w, https:\/\/www.seritium.es\/wordpress\/wp-content\/uploads\/2019\/10\/Final-Segundo-ciclo-ESO-1-300x251.jpg 300w\" sizes=\"auto, (max-width: 530px) 100vw, 530px\" \/><figcaption><a href=\"https:\/\/www.seritium.es\/wordpress\/wp-content\/uploads\/2022\/04\/Reto-3o-y-4o-ESO.pdf\"><mark style=\"background-color:rgba(0, 0, 0, 0)\" class=\"has-inline-color has-vivid-red-color\"><strong>ENLACE AL RETO<\/strong><\/mark><\/a><\/figcaption><\/figure>\n\n\n\n<figure class=\"wp-block-image size-large\"><img loading=\"lazy\" decoding=\"async\" width=\"520\" height=\"427\" data-id=\"132\" src=\"https:\/\/www.seritium.es\/wordpress\/wp-content\/uploads\/2019\/10\/Final-Bachillerato-1.jpg\" alt=\"\" class=\"wp-image-132\" srcset=\"https:\/\/www.seritium.es\/wordpress\/wp-content\/uploads\/2019\/10\/Final-Bachillerato-1.jpg 520w, https:\/\/www.seritium.es\/wordpress\/wp-content\/uploads\/2019\/10\/Final-Bachillerato-1-300x246.jpg 300w\" sizes=\"auto, (max-width: 520px) 100vw, 520px\" \/><figcaption><a href=\"https:\/\/www.seritium.es\/wordpress\/wp-content\/uploads\/2022\/02\/Reto-BACH.pdf\"><strong><mark style=\"background-color:rgba(0, 0, 0, 0)\" class=\"has-inline-color has-vivid-red-color\">ENLACE AL RETO<\/mark><\/strong><\/a><\/figcaption><\/figure>\n<\/figure>\n\n\n\n<p class=\"has-medium-font-size\">Los nombres de los 5 primeros estudiantes de cada curso que consigan superar el reto ser\u00e1n publicados en la p\u00e1gina web del colegio como ganadores del desafi\u00f3. Mucha suerte y animaros!!<\/p>\n\n\n\n<figure class=\"wp-block-image size-large is-resized\"><a href=\"https:\/\/www.seritium.es\/wordpress\/wp-content\/uploads\/2022\/01\/GANADORES.pdf\"><img loading=\"lazy\" decoding=\"async\" src=\"https:\/\/www.seritium.es\/wordpress\/wp-content\/uploads\/2019\/12\/ganadores.png\" alt=\"\" class=\"wp-image-276\" width=\"481\" height=\"242\" srcset=\"https:\/\/www.seritium.es\/wordpress\/wp-content\/uploads\/2019\/12\/ganadores.png 400w, https:\/\/www.seritium.es\/wordpress\/wp-content\/uploads\/2019\/12\/ganadores-300x151.png 300w\" sizes=\"auto, (max-width: 481px) 100vw, 481px\" \/><\/a><figcaption>               <strong>GANADORES DEL RETO MATEM\u00c1TICO DEL PRIMER TRIMESTRE<\/strong>                                            <\/figcaption><\/figure>\n\n\n\n<p><\/p>\n","protected":false},"excerpt":{"rendered":"<p>\u00bfSeras tu el pr\u00f3ximo genio matem\u00e1tico del siglo XXI? Acepta el desaf\u00edo. Hola a todos! En esta p\u00e1gina encontrareis las propuestas para el reto matem\u00e1tico&hellip; <\/p>\n","protected":false},"author":1,"featured_media":0,"parent":0,"menu_order":0,"comment_status":"closed","ping_status":"closed","template":"","meta":{"footnotes":""},"class_list":["post-114","page","type-page","status-publish","hentry"],"_links":{"self":[{"href":"https:\/\/www.seritium.es\/wordpress\/index.php\/wp-json\/wp\/v2\/pages\/114","targetHints":{"allow":["GET"]}}],"collection":[{"href":"https:\/\/www.seritium.es\/wordpress\/index.php\/wp-json\/wp\/v2\/pages"}],"about":[{"href":"https:\/\/www.seritium.es\/wordpress\/index.php\/wp-json\/wp\/v2\/types\/page"}],"author":[{"embeddable":true,"href":"https:\/\/www.seritium.es\/wordpress\/index.php\/wp-json\/wp\/v2\/users\/1"}],"replies":[{"embeddable":true,"href":"https:\/\/www.seritium.es\/wordpress\/index.php\/wp-json\/wp\/v2\/comments?post=114"}],"version-history":[{"count":21,"href":"https:\/\/www.seritium.es\/wordpress\/index.php\/wp-json\/wp\/v2\/pages\/114\/revisions"}],"predecessor-version":[{"id":2553,"href":"https:\/\/www.seritium.es\/wordpress\/index.php\/wp-json\/wp\/v2\/pages\/114\/revisions\/2553"}],"wp:attachment":[{"href":"https:\/\/www.seritium.es\/wordpress\/index.php\/wp-json\/wp\/v2\/media?parent=114"}],"curies":[{"name":"wp","href":"https:\/\/api.w.org\/{rel}","templated":true}]}}