{"id":396,"date":"2020-05-18T08:18:51","date_gmt":"2020-05-18T06:18:51","guid":{"rendered":"https:\/\/www.seritium.es\/wordpress\/?page_id=396"},"modified":"2020-12-19T20:31:35","modified_gmt":"2020-12-19T19:31:35","slug":"concurso-covid-19","status":"publish","type":"page","link":"https:\/\/www.seritium.es\/wordpress\/index.php\/concurso-covid-19\/","title":{"rendered":"Concurso \u00abHistorias entretejidas\u00bb"},"content":{"rendered":"\n<p>Ir a las <a rel=\"noreferrer noopener\" href=\"https:\/\/www.seritium.es\/wordpress\/index.php\/2020\/05\/17\/368\/\" target=\"_blank\">BASES DEL CONCURSO<\/a><\/p>\n\n\n\n<p>Por fin hemos elegido a los ganadores y ganadoras de este concurso. Por las medidas de protecci\u00f3n ante el covid-19 hemos ido posponiendo la decisi\u00f3n pero hemos decidido entregar un peque\u00f1o premio a los tres primeros este mi\u00e9rcoles 23 de diciembre. El jurado ha estado compuesto por varios profesores y profesoras del instituto. Los premiados son:<\/p>\n\n\n\n<p>1\u00aa Sara Armario Padilla (relato n\u00ba 2)<\/p>\n\n\n\n<p>2\u00ba y 3\u00ba Juan Rodr\u00edguez Ramos de 1\u00ba C e Iker S\u00e1nchez Romero de 1\u00ba B<\/p>\n\n\n\n<figure class=\"wp-block-image size-large is-resized\"><img loading=\"lazy\" decoding=\"async\" src=\"https:\/\/www.seritium.es\/wordpress\/wp-content\/uploads\/2020\/06\/Tapiz-COVID_Rosa-Maria-Hiniesta-Marti\u0301n.jpg\" alt=\"\" class=\"wp-image-841\" width=\"447\" height=\"745\"\/><\/figure>\n\n\n\n<p><\/p>\n\n\n\n<table style=\"border-color: #0d00a3; border-width: 3px; background-color: lavender; width: 90%; height: auto; margin-left: auto; margin-right: auto;\" cellpadding=\"5\" border=\"2\">\n<tbody>\n<tr>\n<td style=\"width: 611px; text-align: justify;\"><strong><span style=\"color: #0d00a3;\">Muy bien, \u00a1se acab\u00f3! Gracias a los participantes, nos hab\u00e9is tenido intrigados con vuestras historias! Los ganadores ser\u00e1n publicados en esta misma p\u00e1gina <\/span><\/strong><\/td>\n<\/tr>\n<\/tbody>\n<\/table>\n\n\n\n<hr class=\"wp-block-separator\"\/>\n\n\n\n<h3 class=\"has-vivid-cyan-blue-color has-text-color wp-block-heading\">Primera historia&#8230;.<\/h3>\n\n\n\n<p>\u00abEn la televisi\u00f3n hab\u00edan anunciado un confinamiento estricto. No se deb\u00eda ir a la calle por ning\u00fan motivo que no fuera estrictamente necesario, como comprar o ir al banco. Ella se sent\u00f3 en su sill\u00f3n con preocupaci\u00f3n, pensando en su hija con las peque\u00f1as, tan nerviosas siempre. \u00bfC\u00f3mo pasar\u00edan los d\u00edas metidos los cuatro en el piso? \u00bfC\u00f3mo iban a poder trabajar los adultos, sin salir de casa? \u00bfCu\u00e1ntos d\u00edas pasar\u00edan sin poder ver a sus nietas? \u00a1C\u00f3mo las echar\u00eda de menos! Sus vocecitas en el tel\u00e9fono sab\u00edan a poco\u2026<\/p>\n\n\n\n<p>Entonces llamaron a la puerta y al abrir vio un paquete solitario delante de su puerta con una nota: \u00abmam\u00e1, este tel\u00e9fono m\u00f3vil es para que nos puedas ver adem\u00e1s de o\u00edr. Ll\u00e1mame ahora con el fijo y te explico c\u00f3mo hacer una videollamada\u00bb<\/p>\n\n\n\n<p>\u00a1Qu\u00e9 ilusi\u00f3n! Se volvi\u00f3 sonriente para meterse en casa y en la escalera escuch\u00f3\u2026.\u00bb<\/p>\n\n\n\n<h3 class=\"has-vivid-cyan-blue-color has-text-color wp-block-heading\">Segunda historia &#8211; Sara Armario Padilla 4\u00baC<\/h3>\n\n\n\n<p>\u00a1Qu\u00e9 ilusi\u00f3n! Se volvi\u00f3 sonriente para meterse en casa y en la escalera escuch\u00f3 a su vecina de arriba, una joven chica que abr\u00eda la puerta de su apartamento, para salir r\u00e1pidamente, cargada con algunas bolsas. Se dirigi\u00f3 hacia las escaleras sin perder un segundo. Lleg\u00f3 al coche y mir\u00f3 su reloj, a\u00fan pod\u00eda llegar a tiempo para su turno.<\/p>\n\n\n\n<div class=\"wp-block-image\"><figure class=\"alignright size-large is-resized\"><img loading=\"lazy\" decoding=\"async\" src=\"https:\/\/www.seritium.es\/wordpress\/wp-content\/uploads\/2020\/05\/escaleras.png\" alt=\"\" class=\"wp-image-433\" width=\"94\" height=\"141\" srcset=\"https:\/\/www.seritium.es\/wordpress\/wp-content\/uploads\/2020\/05\/escaleras.png 681w, https:\/\/www.seritium.es\/wordpress\/wp-content\/uploads\/2020\/05\/escaleras-200x300.png 200w\" sizes=\"auto, (max-width: 94px) 100vw, 94px\" \/><\/figure><\/div>\n\n\n\n<p>Entr\u00f3 en el hospital mientras sacaba de las bolsas las fiambreras. Una a una las fue repartiendo entre sus compa\u00f1eros, quienes despu\u00e9s de horas ten\u00edan un descanso. Todos le regalaban una sonrisa acompa\u00f1ado de un gracias y eso era suficiente para ella.&nbsp;<\/p>\n\n\n\n<p>Hoy le dar\u00edan el alta al primer paciente que ingres\u00f3, estaba emocionada sobremanera. Pas\u00f3 por el pasillo principal y entonces, a trav\u00e9s del cristal de la puerta, en la calle vio\u2026&nbsp;<\/p>\n\n\n\n<h3 class=\"has-vivid-cyan-blue-color has-text-color wp-block-heading\">Tercera historia &#8211; Luc\u00eda Espejo Fern\u00e1ndez 2\u00ba E<\/h3>\n\n\n\n<p>..a un adolescente, de unos 19 a\u00f1os, que estaba paseando a sus dos perros. No hab\u00eda salido de casa en todo el d\u00eda, y necesitaba dar un peque\u00f1o paseo porque se le ve\u00eda agobiado. Ten\u00eda la mascarilla puesta, pero le costaba respirar un poco. No estaba acostumbrado a eso. All\u00ed no hab\u00eda casi nadie por las calles, pero se fij\u00f3 a lo lejos, donde&#8230;<\/p>\n\n\n\n<p><\/p>\n\n\n\n<h3 class=\"has-vivid-cyan-blue-color has-text-color wp-block-heading\">Cuarta historia &#8211; David Orellana G\u00f3mez 2\u00ba E<\/h3>\n\n\n\n<p>&#8230;era feria, pero esta vez no iba a haber casetas, cacharritos o coches de caballos, porque esta vez \u00edbamos a quedarnos todos en casa por un bicho, un virus, una pandemia que azotaba Espa\u00f1a y al mundo. Sin embargo, la gente no iba a perder su ilusi\u00f3n por lo que muchos  salieron a los balcones, los decoraron, pusieron m\u00fasica. Alg\u00fan que otro balc\u00f3n era mejor que m\u00e1s de una caseta. Los vecinos animaron las casas de todo su barrio, sus municipios, algunos animaron todo internet. <\/p>\n\n\n\n<p>Yo sal\u00ed a mi balc\u00f3n a las ocho a aplaudir cuando me percat\u00e9 de la fiesta que ten\u00edan montada mis vecinos, as\u00ed que mi madre y yo nos unimos a ellos pero entonces&#8230;<\/p>\n\n\n\n<div class=\"wp-block-image\"><figure class=\"aligncenter size-large\"><img loading=\"lazy\" decoding=\"async\" width=\"1024\" height=\"512\" src=\"https:\/\/www.seritium.es\/wordpress\/wp-content\/uploads\/2020\/05\/feria-1024x512.png\" alt=\"\" class=\"wp-image-488\" srcset=\"https:\/\/www.seritium.es\/wordpress\/wp-content\/uploads\/2020\/05\/feria-1024x512.png 1024w, https:\/\/www.seritium.es\/wordpress\/wp-content\/uploads\/2020\/05\/feria-300x150.png 300w, https:\/\/www.seritium.es\/wordpress\/wp-content\/uploads\/2020\/05\/feria-768x384.png 768w, https:\/\/www.seritium.es\/wordpress\/wp-content\/uploads\/2020\/05\/feria.png 1280w\" sizes=\"auto, (max-width: 1024px) 100vw, 1024px\" \/><\/figure><\/div>\n\n\n\n<h3 class=\"has-vivid-cyan-blue-color has-text-color wp-block-heading\">Quinta historia -Ainhoa L\u00f3pez Moncayo 2\u00ba B<\/h3>\n\n\n\n<p>&#8230; mi padre nos llam\u00f3 desde la cocina. Al estar ya en la fase 1, podr\u00edamos ir a visitar a mi t\u00eda, a la que tanto echaba de menos. As\u00ed que sin pens\u00e1rnoslo dos veces cogimos nuestras mascarillas y fuimos rumbo a su casa. Ella vive a tan solo dos calles de la nuestra as\u00ed que fuimos andando.<\/p>\n\n\n\n<div class=\"wp-block-image\"><figure class=\"alignright size-large is-resized\"><img loading=\"lazy\" decoding=\"async\" src=\"https:\/\/www.seritium.es\/wordpress\/wp-content\/uploads\/2020\/05\/spring-flowers-pot-watering-can-600w-204803311.jpg\" alt=\"\" class=\"wp-image-535\" width=\"202\" height=\"167\" srcset=\"https:\/\/www.seritium.es\/wordpress\/wp-content\/uploads\/2020\/05\/spring-flowers-pot-watering-can-600w-204803311.jpg 600w, https:\/\/www.seritium.es\/wordpress\/wp-content\/uploads\/2020\/05\/spring-flowers-pot-watering-can-600w-204803311-300x250.jpg 300w\" sizes=\"auto, (max-width: 202px) 100vw, 202px\" \/><\/figure><\/div>\n\n\n\n<p><br>Cuando por fin llegamos a su casa, nos sentamos en el patio a esperar a que mi abuela saliera. Ella tambi\u00e9n hab\u00eda decorado su casa pintando las macetas con lunarcitos de colores. Est\u00e1bamos observando las flores cuando de repente apareci\u00f3 con una enorme tarta de chocolate para celebrar que &#8230;.<\/p>\n\n\n\n<h3 class=\"has-vivid-cyan-blue-color has-text-color wp-block-heading\">Sexta historia- Mar\u00eda Rodr\u00edguez S\u00e1nchez 2\u00ba E<\/h3>\n\n\n\n<p>..era su 74 cumplea\u00f1os, \u00a1y a todos se nos hab\u00eda olvidado! Pasamos una tarde estupenda despu\u00e9s de haber estado tanto tiempo sin vernos. Jugamos a juegos en familia, nos pusimos al d\u00eda sobre lo que hab\u00edamos hecho y nos alegramos mucho simplemente por poder estar todos juntos como antes. <\/p>\n\n\n\n<div class=\"wp-block-image\"><figure class=\"alignleft size-large is-resized\"><img loading=\"lazy\" decoding=\"async\" src=\"https:\/\/www.seritium.es\/wordpress\/wp-content\/uploads\/2020\/05\/alarm-959592_1280-1024x768.jpg\" alt=\"\" class=\"wp-image-583\" width=\"247\" height=\"186\" srcset=\"https:\/\/www.seritium.es\/wordpress\/wp-content\/uploads\/2020\/05\/alarm-959592_1280-1024x768.jpg 1024w, https:\/\/www.seritium.es\/wordpress\/wp-content\/uploads\/2020\/05\/alarm-959592_1280-300x225.jpg 300w, https:\/\/www.seritium.es\/wordpress\/wp-content\/uploads\/2020\/05\/alarm-959592_1280-768x576.jpg 768w, https:\/\/www.seritium.es\/wordpress\/wp-content\/uploads\/2020\/05\/alarm-959592_1280.jpg 1280w\" sizes=\"auto, (max-width: 247px) 100vw, 247px\" \/><\/figure><\/div>\n\n\n\n<p>Al cabo del rato, decidimos salir a dar un paseo por la playa, que quedaba al lado de su casa. Hac\u00eda una temperatura estupenda. Aplaudimos a los coches de polic\u00eda y a las ambulancias que pasaban por all\u00ed. Pero de repente vimos algo extra\u00f1o. Todo el mundo se alarm\u00f3, los coches de polic\u00eda comenzaron a&#8230;<\/p>\n\n\n\n<h3 class=\"has-vivid-cyan-blue-color has-text-color wp-block-heading\">S\u00e9ptima historia- Marina Soto Duque 2\u00ba E<\/h3>\n\n\n\n<p>..a rodearnos, no entend\u00edamos nada, un polic\u00eda se baj\u00f3 del coche y nos quer\u00edan llevar a comisar\u00eda por no llevar mascarillas puestas. Intentamos convencerles de que era un error y que no volver\u00eda a pasar m\u00e1s, pero los polic\u00edas no se fiaron y nos llevaron a comisar\u00eda, donde estuvimos m\u00e1s de tres horas. Nos metieron en una especie de cuartos donde hac\u00eda mucho fr\u00edo, empec\u00e9 a llorar mucho y me qued\u00e9 dormida, un ruido muy fuerte me despert\u00f3 y cuando abr\u00ed los ojos&#8230;<\/p>\n\n\n\n<h3 class=\"has-vivid-cyan-blue-color has-text-color wp-block-heading\">Octava historia- Pedro Romero Hurtado, 1\u00ba ESO A<\/h3>\n\n\n\n<figure class=\"wp-block-image size-large is-resized\"><img loading=\"lazy\" decoding=\"async\" src=\"https:\/\/www.seritium.es\/wordpress\/wp-content\/uploads\/2020\/05\/covid-19-4963139_1280-1024x698.jpg\" alt=\"\" class=\"wp-image-649\" width=\"261\" height=\"178\" srcset=\"https:\/\/www.seritium.es\/wordpress\/wp-content\/uploads\/2020\/05\/covid-19-4963139_1280-1024x698.jpg 1024w, https:\/\/www.seritium.es\/wordpress\/wp-content\/uploads\/2020\/05\/covid-19-4963139_1280-300x204.jpg 300w, https:\/\/www.seritium.es\/wordpress\/wp-content\/uploads\/2020\/05\/covid-19-4963139_1280-768x523.jpg 768w, https:\/\/www.seritium.es\/wordpress\/wp-content\/uploads\/2020\/05\/covid-19-4963139_1280.jpg 1280w\" sizes=\"auto, (max-width: 261px) 100vw, 261px\" \/><\/figure>\n\n\n\n<p>..estaban poniendo un documental en la televisi\u00f3n. &nbsp;As\u00ed que supe que la covid-19 era un virus muy malo, muy peligroso para las personas mayores o con problemas o enfermedades. Empez\u00f3 en China&nbsp; y fue por todo el mundo hasta que lleg\u00f3 a Italia y despu\u00e9s aqu\u00ed, hasta Madrid sobre todo. \u00a1Qu\u00e9 cerca ha estado de nosotros! En China recuperaron la normalidad porque ellos son obedientes y hacen todo para esquivar al virus, en Espa\u00f1a parec\u00eda que daba igual porque\u00a1 qu\u00e9 pocos con mascarilla!, nadie respetaba el distanciamiento social. Pero ahora&#8230;.<\/p>\n\n\n\n<h3 class=\"has-vivid-cyan-blue-color has-text-color wp-block-heading\">Novena historia- Mar\u00eda Ram\u00edrez P\u00e9rez, 1\u00ba ESO A<\/h3>\n\n\n\n<p>&#8230; las cosas estaban mejorando. Casi todas las poblaciones hab\u00edan pasado a la fase 2. La se\u00f1ora que no pod\u00eda ver a sus nietas y hab\u00eda recibido un tel\u00e9fono m\u00f3vil, enviado por su hija, ya no lo necesitaba para verlas en videollamadas, porque ahora iban a visitarla. Su vecina de arriba, la enfermera, ya estaba m\u00e1s tranquila en su trabajo, ya que hab\u00eda menos enfermos de COVID, aunque estaba preocupada, pues los habitantes de su ciudad no respetaban la distancia social y esto pod\u00eda llevar a que hubiese nuevos contagios. Los bares hab\u00edan abierto y la mayor\u00eda de comercios tambi\u00e9n. Los ni\u00f1os estaban muy contentos porque&#8230;<\/p>\n\n\n\n<h3 class=\"has-vivid-cyan-blue-color has-text-color wp-block-heading\">D\u00e9cima historia- Juan Rodr\u00edguez Ramos, 1\u00ba ESO C<\/h3>\n\n\n\n<div class=\"wp-block-image\"><figure class=\"alignright size-large is-resized\"><img loading=\"lazy\" decoding=\"async\" src=\"https:\/\/www.seritium.es\/wordpress\/wp-content\/uploads\/2020\/05\/istockphoto-1006541986-1024x1024-1.jpg\" alt=\"\" class=\"wp-image-656\" width=\"228\" height=\"151\" srcset=\"https:\/\/www.seritium.es\/wordpress\/wp-content\/uploads\/2020\/05\/istockphoto-1006541986-1024x1024-1.jpg 1024w, https:\/\/www.seritium.es\/wordpress\/wp-content\/uploads\/2020\/05\/istockphoto-1006541986-1024x1024-1-300x200.jpg 300w, https:\/\/www.seritium.es\/wordpress\/wp-content\/uploads\/2020\/05\/istockphoto-1006541986-1024x1024-1-768x512.jpg 768w\" sizes=\"auto, (max-width: 228px) 100vw, 228px\" \/><\/figure><\/div>\n\n\n\n<p>los ni\u00f1os estaban muy contentos porque&#8230;&#8230;&#8230;por fin pod\u00edan ver a sus amigos, hacer deporte, ver a sus abuelos&#8230; Aunque todav\u00eda no pod\u00edan dar abrazos y besos, sent\u00edan que esta situaci\u00f3n les hab\u00eda robado lo m\u00e1s importante que ten\u00edan, el contacto personal, el t\u00fa a t\u00fa y el mirar a los ojos. Pero esto se iba a normalizar y ahora m\u00e1s que nunca deseaban volver al instituto, con medidas de seguridad, claro, pero volver y aprender en la clase porque online no es lo mismo, eso no es ense\u00f1ar y \u00a1echamos de menos tantas cosas! Si estos que mandan nos oyeran, se evitar\u00edan muchos enfrentamientos in\u00fatiles que no ayudan. Y es que ahora&#8230;.<\/p>\n\n\n\n<h3 class=\"has-vivid-cyan-blue-color has-text-color wp-block-heading\">Und\u00e9cima Historia- Mar\u00eda Mauricio Zarzuela, 1\u00ba ESO C<\/h3>\n\n\n\n<p>Y es que ahora nosotros somos capaces de valorar la ense\u00f1anza, el cari\u00f1o, el superar las dificultades&#8230; Todos juntos respetando las normas de seguridad. Y as\u00ed nos cuidamos los unos de los otros. A la vez aprender\u00edamos no solo lo que necesitamos saber de mates, lengua, ciencias, etc., sino tambi\u00e9n lo que es responsabilidad, madurez, lealtad, confianza y amistad. Dicen que para el mes de Octubre tendremos un repunte de la pandemia y&#8230;<\/p>\n\n\n\n<h3 class=\"has-vivid-cyan-blue-color has-text-color wp-block-heading\"><strong>Duod\u00e9cima historia- <\/strong>Vicente S\u00e1nchez Ben\u00edtez 1\u00ba B<\/h3>\n\n\n\n<p>&#8230;. puede que todo vuelva a empezar, pero para que no ocurra debemos seguir con las distancias de seguridad y cumplir las normas para que el repunte no sea tan grave y que todos los ni\u00f1os puedan salir de sus casas junto a sus amigos, los abuelos puedan seguir viendo a su familia, los comercios sigan abiertos y que los hospitales puedan atender a todos los enfermos sin problemas. Ahora lo mas importante es que encuentren una vacuna para que podamos vencer a la pandemia y la vida vuelva a ser como antes, sin mascarillas, desinfectantes, pero todav\u00eda es pronto&#8230;<\/p>\n\n\n\n<p><\/p>\n\n\n\n<h3 class=\"has-vivid-cyan-blue-color has-text-color wp-block-heading\">Decimotercera historia -Claudia Fern\u00e1ndez Cord\u00f3n 1\u00ba B<\/h3>\n\n\n\n<p>Todav\u00eda es pronto. Nos han dicho que a partir de octubre volveremos al instituto, pero no ser\u00e1 una vuelta a las clases como siempre que todos empezamos con ganas y muy felices, salud\u00e1ndonos todos despu\u00e9s del verano. Iremos de 15 en quince y no todos los d\u00edas, en las pantallas digitales estar\u00e1 el resto de la clase. Los que vayan tienen que respetar la distancia, estar\u00e1n sentados uno s\u00ed y uno no. Todo esto es nuevo, nunca nos hab\u00eda pasado algo igual, hay que hacer lo que se pueda para poder salir de esta y que no haya m\u00e1s aislamiento. As\u00ed que tendremos que adaptarnos a este nuevo formato de vida, si no hacemos esto &#8230;.<\/p>\n\n\n\n<h3 class=\"has-vivid-cyan-blue-color has-text-color wp-block-heading\">Decimocuarta historia &#8211; Iker S\u00e1nchez Romero 1\u00ba B<\/h3>\n\n\n\n<p>..suceder\u00e1n de nuevo historias como las del hospital.<\/p>\n\n\n\n<div class=\"wp-block-image\"><figure class=\"alignright size-large is-resized\"><img loading=\"lazy\" decoding=\"async\" src=\"https:\/\/www.seritium.es\/wordpress\/wp-content\/uploads\/2020\/06\/Captura-de-pantalla-2020-06-01-a-las-11.33.38-1024x633.png\" alt=\"\" class=\"wp-image-716\" width=\"370\" height=\"228\" srcset=\"https:\/\/www.seritium.es\/wordpress\/wp-content\/uploads\/2020\/06\/Captura-de-pantalla-2020-06-01-a-las-11.33.38-1024x633.png 1024w, https:\/\/www.seritium.es\/wordpress\/wp-content\/uploads\/2020\/06\/Captura-de-pantalla-2020-06-01-a-las-11.33.38-300x185.png 300w, https:\/\/www.seritium.es\/wordpress\/wp-content\/uploads\/2020\/06\/Captura-de-pantalla-2020-06-01-a-las-11.33.38-768x475.png 768w, https:\/\/www.seritium.es\/wordpress\/wp-content\/uploads\/2020\/06\/Captura-de-pantalla-2020-06-01-a-las-11.33.38-1536x949.png 1536w, https:\/\/www.seritium.es\/wordpress\/wp-content\/uploads\/2020\/06\/Captura-de-pantalla-2020-06-01-a-las-11.33.38.png 1926w\" sizes=\"auto, (max-width: 370px) 100vw, 370px\" \/><\/figure><\/div>\n\n\n\n<p> La m\u00e9dico de urgencias pas\u00f3 por el pasillo principal y entonces, a trav\u00e9s del cristal de la puerta, en la calle vio a toda la familia del paciente con grandes sonrisas en la cara. Estaban deseando abrazarlo aunque sab\u00edan que todav\u00eda ten\u00edan que esperar pero se conformaban con tenerlo cerca de ellos y que \u00e9l estuviera sin riesgo.<br>\u00c9l hab\u00eda pasado muchas horas solo en esa habitaci\u00f3n del hospital. La \u00fanica compa\u00f1\u00eda que ten\u00eda eran unas enfermeras que ven\u00edan a verlo y le sacaban una sonrisa con sus an\u00e9cdotas del trabajo.<br>Una de la historias que m\u00e1s le gust\u00f3 era la de un hombre que lleg\u00f3 y \u2026<\/p>\n\n\n\n<p><\/p>\n\n\n\n<h3 class=\"has-vivid-cyan-blue-color has-text-color wp-block-heading\">Decimoquinta historia &#8211; Pablo Rom\u00e1n Miguel 1\u00ba B<\/h3>\n\n\n\n<p>\u2026\u2026.y su hijo, al enterarse de que su padre estaba muy grave y no iba a salir con vida, decidi\u00f3 quedarse con \u00e9l en el hospital. Aun sabiendo que se pod\u00eda contagiar decidi\u00f3 arriesgarse. No quer\u00eda dejarlo solo. Pas\u00f3 34 d\u00edas a su lado y gracias a Dios no se contagi\u00f3. Seg\u00fan cont\u00f3 despu\u00e9s, el tiempo pasado con su padre les hizo conocerse mejor el uno al otro. Esta es una de tantas historias que han pasado durante el confinamiento pero no todas han sido agradables. Tenemos que pensar tambi\u00e9n en todas aquellas personas que han perdido a alguien querido y, por eso, hay que seguir todas las recomendaciones de seguridad para que no vuelva a ocurrir lo que nos ha pasado. <\/p>\n\n\n\n<h3 class=\"has-vivid-cyan-blue-color has-text-color wp-block-heading\">Decimosexta historia &#8211; Marina Rubio Rosado 1\u00ba ESO B<\/h3>\n\n\n\n<p>Otra de las historias que tambi\u00e9n le gust\u00f3 era la de un hombre que lleg\u00f3 y ten\u00eda una enfermedad muy grave, los m\u00e9dicos le dieron pocos meses de vida. A pesar de todo por lo que estaba pasando siempre estaba sonriendo y les daba \u00e1nimos a otros enfermos, sobre todo a ni\u00f1os.<br>\u00c9l le dijo a su mujer que le comprase varios disfraces divertidos, y todas las ma\u00f1anas se acercaba a pediatr\u00eda para alegrar a los ni\u00f1os y uno de ellos que era el m\u00e1s peque\u00f1o de todos le pregunt\u00f3..<\/p>\n\n\n\n<p><\/p>\n\n\n\n<h3 class=\"has-vivid-cyan-blue-color has-text-color wp-block-heading\">Decimos\u00e9ptima historia &#8211; Manuel G\u00e1lvez Garcia 1\u00ba B<\/h3>\n\n\n\n<p>..\u00bbperdone, \u00bfUsted me podr\u00eda conseguir un disfraz igual?\u00bb El hombre tan feliz de que se lo preguntase, le dijo que s\u00ed, para \u00e9l su misi\u00f3n era que los ni\u00f1os estuviesen felices. A la siguiente ma\u00f1ana trajo unos cuantos disfraces, suficientes para todos los ni\u00f1os de aquella sala; primero se acerc\u00f3 el peque\u00f1o, y al cabo de un par de minutos se fueron acercando todos. Despu\u00e9s de vestirse con los disfraces, todos fueron por los pasillos del hospital cantando una canci\u00f3n que se ha hecho muy famosa en esta cuarentena, para apoyar a todos los m\u00e9dicos y a todas las personas con esta enfermedad, la canci\u00f3n se llamaba \u201cResistir\u00e9\u201d. Los ni\u00f1os junto con aquel hombre fueron cantando, animando a todos los m\u00e9dicos del hospital, y al cabo de un rato un m\u00e9dico que apareci\u00f3 de la nada les dijo\u2026<\/p>\n\n\n\n<div class=\"wp-block-image\"><figure class=\"alignright size-large is-resized\"><img loading=\"lazy\" decoding=\"async\" src=\"https:\/\/www.seritium.es\/wordpress\/wp-content\/uploads\/2020\/06\/resistire.jpg\" alt=\"\" class=\"wp-image-739\" width=\"388\" height=\"246\" srcset=\"https:\/\/www.seritium.es\/wordpress\/wp-content\/uploads\/2020\/06\/resistire.jpg 1024w, https:\/\/www.seritium.es\/wordpress\/wp-content\/uploads\/2020\/06\/resistire-300x190.jpg 300w, https:\/\/www.seritium.es\/wordpress\/wp-content\/uploads\/2020\/06\/resistire-768x488.jpg 768w\" sizes=\"auto, (max-width: 388px) 100vw, 388px\" \/><\/figure><\/div>\n\n\n\n<p><\/p>\n\n\n\n<p><\/p>\n\n\n\n<p><\/p>\n\n\n\n<h3 class=\"has-vivid-cyan-blue-color has-text-color wp-block-heading\">Decimoctava historia &#8211; Fernando Ruiz Murciano 2\u00ba E<\/h3>\n\n\n\n<p>que hab\u00eda tenido un sue\u00f1o: \u00abestaba estudiando y escuche un rel\u00e1mpago fuera de casa, mire por la ventana y vi que estaba cayendo el mayor diluvio que hab\u00eda visto en toda mi vida. Quede asombrado, y fui a dec\u00edrselo a mi padre, ya que era medio de noche y era la \u00fanica persona despierta. Me gusta mucho la lluvia, ver c\u00f3mo caen las gotas de agua en mi ventana, me anima mucho, y a mi padre tambi\u00e9n. As\u00ed que estuvimos un rato hablando y mirando por la ventana. Fue un buen d\u00eda\u00bb.<\/p>\n\n\n\n<figure class=\"wp-block-image size-large is-resized\"><img loading=\"lazy\" decoding=\"async\" src=\"https:\/\/www.seritium.es\/wordpress\/wp-content\/uploads\/2020\/06\/rain-84648_1280-1024x678.jpg\" alt=\"\" class=\"wp-image-750\" width=\"375\" height=\"248\" srcset=\"https:\/\/www.seritium.es\/wordpress\/wp-content\/uploads\/2020\/06\/rain-84648_1280-1024x678.jpg 1024w, https:\/\/www.seritium.es\/wordpress\/wp-content\/uploads\/2020\/06\/rain-84648_1280-300x199.jpg 300w, https:\/\/www.seritium.es\/wordpress\/wp-content\/uploads\/2020\/06\/rain-84648_1280-768x508.jpg 768w, https:\/\/www.seritium.es\/wordpress\/wp-content\/uploads\/2020\/06\/rain-84648_1280.jpg 1280w\" sizes=\"auto, (max-width: 375px) 100vw, 375px\" \/><\/figure>\n\n\n\n<p>Otro d\u00eda so\u00f1\u00f3 que&#8230;&#8230;<\/p>\n\n\n\n<h3 class=\"has-vivid-cyan-blue-color has-text-color wp-block-heading\">Decimonovena historia- Carlos Jim\u00e9nez 2\u00ba E<\/h3>\n\n\n\n<p>Otro d\u00eda so\u00f1\u00f3 que un ni\u00f1o estaba todo el d\u00eda encerrado en casa,<br>para lo \u00fanico que sal\u00eda era para tirar la basura<br>y sacar al perro. Los profesores le mandaban mucha tarea.<br>Estaba casi siempre haciendo tarea y estaba muy agobiado ya de<br>la cuarentena. Estaba deseando que terminara ya el curso,<br>para que no le mandasen m\u00e1s tarea y poder irse a la playa o a la piscina.<\/p>\n\n\n\n<h3 class=\"has-vivid-cyan-blue-color has-text-color wp-block-heading\">Vig\u00e9sima y \u00faltima historia- Lola Saraz\u00e1 Profesora de Filosof\u00eda<\/h3>\n\n\n\n<p>Todos, ni\u00f1os y mayores, volvieron a la llamada \u00abnueva normalidad\u00bb poco a poco. Retomaron las antiguas rutinas uniformados con mascarillas, se formaron nuevos h\u00e1bitos de trabajo online, se reencontraron con antiguos amigos sin abrazos ni besos y acudieron a las familiares terrazas y bares separados por distancias de seguridad y rociados por soluciones hidroalcoh\u00f3licas y desinfectantes. Todo era nuevo y antiguo a la vez. Todo familiar y desconocido de pronto. Los caminos volvieron a cruzarse en un ir y venir de encuentros casuales y las vidas se entretejieron como siempre lo hab\u00edan hecho, de paso hacia la tienda o el trabajo. La vida qued\u00f3 en suspenso en los ERES, ERTES y recortes de plantilla, en los proyectos de verano sin certezas y en el sal\u00f3n de casa con la mirada puesta en la televisi\u00f3n a la espera de los mensajes de avance de fase para poder ir a visitar a la familia.<\/p>\n\n\n\n<p> Y todos contuvieron la respiraci\u00f3n pensando en el futuro incierto.<\/p>\n","protected":false},"excerpt":{"rendered":"<p>Ir a las BASES DEL CONCURSO Por fin hemos elegido a los ganadores y ganadoras de este concurso. Por las medidas de protecci\u00f3n ante el&hellip; <\/p>\n","protected":false},"author":1,"featured_media":0,"parent":0,"menu_order":0,"comment_status":"closed","ping_status":"closed","template":"","meta":{"footnotes":""},"class_list":["post-396","page","type-page","status-publish","hentry"],"_links":{"self":[{"href":"https:\/\/www.seritium.es\/wordpress\/index.php\/wp-json\/wp\/v2\/pages\/396","targetHints":{"allow":["GET"]}}],"collection":[{"href":"https:\/\/www.seritium.es\/wordpress\/index.php\/wp-json\/wp\/v2\/pages"}],"about":[{"href":"https:\/\/www.seritium.es\/wordpress\/index.php\/wp-json\/wp\/v2\/types\/page"}],"author":[{"embeddable":true,"href":"https:\/\/www.seritium.es\/wordpress\/index.php\/wp-json\/wp\/v2\/users\/1"}],"replies":[{"embeddable":true,"href":"https:\/\/www.seritium.es\/wordpress\/index.php\/wp-json\/wp\/v2\/comments?post=396"}],"version-history":[{"count":41,"href":"https:\/\/www.seritium.es\/wordpress\/index.php\/wp-json\/wp\/v2\/pages\/396\/revisions"}],"predecessor-version":[{"id":1596,"href":"https:\/\/www.seritium.es\/wordpress\/index.php\/wp-json\/wp\/v2\/pages\/396\/revisions\/1596"}],"wp:attachment":[{"href":"https:\/\/www.seritium.es\/wordpress\/index.php\/wp-json\/wp\/v2\/media?parent=396"}],"curies":[{"name":"wp","href":"https:\/\/api.w.org\/{rel}","templated":true}]}}